{"id":1447,"date":"2023-04-26T21:12:49","date_gmt":"2023-04-26T19:12:49","guid":{"rendered":"https:\/\/abeille34.adrien-bigot.fr\/?page_id=1447"},"modified":"2024-05-23T22:51:53","modified_gmt":"2024-05-23T20:51:53","slug":"miellerie-collective-historique","status":"publish","type":"page","link":"https:\/\/abeille34.org\/index.php\/miellerie-collective-historique\/","title":{"rendered":"La Miellerie Collective"},"content":{"rendered":"\n<p>2018 est l\u2019ann\u00e9e de mise \u00e0 disposition de la miellerie collective de Gignac pour les apiculteurs du d\u00e9partement adh\u00e9rents au Syndicat l\u2019Abeille H\u00e9raultaise.<\/p>\n\n\n\n<p>L\u2019id\u00e9e de la cr\u00e9ation avait longuement m\u00fbri et au sein du conseil d\u2019administration du syndicat et le projet a \u00e9t\u00e9 surtout port\u00e9 par notre ami apiculteur Joseph Rouquette.<\/p>\n\n\n\n<p>L\u2019argumentation en \u00e9tait&nbsp;: proposons aux apiculteurs la possibilit\u00e9 de d\u00e9velopper prioritairement leur cheptel et donc la production de miel et donnons-leur les moyens d\u2019extraire cette production sans investir imm\u00e9diatement dans du mat\u00e9riel co\u00fbteux et ou non adapt\u00e9.<\/p>\n\n\n\n<p>Ainsi, la miellerie collective&nbsp;:<br>&#8211; Permet&nbsp;de retarder la date d\u2019investissement dans le mat\u00e9riel d\u2019extraction (lev\u00e9e d\u2019un frein technique pour se lancer dans l\u2019apiculture).<br>&#8211; Propose l\u2019acc\u00e8s \u00e0 un mat\u00e9riel performant, adapt\u00e9 et respectueux des normes d\u2019hygi\u00e8ne.<br>&#8211; Pr\u00e9sente un mod\u00e8le d\u2019organisation qui tend \u00e0 \u00eatre optimal et qui peut \u00eatre facilement reproduit chez l\u2019apiculteur qui aura d\u00e9cid\u00e9 d\u2019investir chez lui.<br>&#8211; Constitue un lieu de formation, d\u2019\u00e9change d\u2019information et de bonnes pratiques entre apiculteurs.<\/p>\n\n\n\n<p>Dans ce local situ\u00e9 dans l\u2019enceinte du <a href=\"https:\/\/www.lyceeagricole-gignac.fr\/\" data-type=\"link\" data-id=\"https:\/\/www.lyceeagricole-gignac.fr\/\">Lyc\u00e9e Agricole de Gignac<\/a> mais toutefois excentr\u00e9 des b\u00e2timents recevant les \u00e9l\u00e8ves, les apiculteurs pourront facilement acc\u00e9der \u00e0 la salle d\u2019extraction. Celle-ci poss\u00e8de deux postes avec extracteur radiaire 54 \u00bd cadres et machine \u00e0 d\u00e9soperculer pour les plus grosses productions et un extracteur 24 cadres dadants (18 Langst.)&nbsp; ainsi qu\u2019une petite machine \u00e0 d\u00e9soperculer pour des extractions r\u00e9duites. S\u2019ajoute \u00e0 cela herses, couteaux, bacs, chariots, tables, gerbeur etc.<\/p>\n\n\n\n<p>Le r\u00e8glement int\u00e9rieur de la miellerie, inscription, fonctionnement \u2026 sera communiqu\u00e9 au premier trimestre 2018.<\/p>\n\n\n\n<h2 class=\"wp-block-heading\">L\u2019investissement<\/h2>\n\n\n\n<p>Le local appartient au <a href=\"https:\/\/www.lyceeagricole-gignac.fr\/\" data-type=\"link\" data-id=\"https:\/\/www.lyceeagricole-gignac.fr\/\">Lyc\u00e9e Agricole de Gignac<\/a>. Le syndicat a sign\u00e9 une convention avec le Lyc\u00e9e Agricole, de mise \u00e0 disposition gratuite des locaux pendant 10 ans pouvant \u00eatre renouvel\u00e9e.<\/p>\n\n\n\n<p>Les travaux d\u2019am\u00e9nagement et d\u2019\u00e9quipement sont \u00e0 la charge du Syndicat l\u2019Abeille H\u00e9raultaise. &nbsp;Le co\u00fbt total des travaux s\u2019\u00e9l\u00e8ve \u00e0 60&nbsp;000 \u20ac.<\/p>\n\n\n\n<p>Une demande d\u2019aide au titre du \u00ab&nbsp;soutien \u00e0 la mise en \u0153uvre des op\u00e9rations li\u00e9es aux strat\u00e9gies locales de d\u00e9veloppement&nbsp;\u00bb a \u00e9t\u00e9 d\u00e9pos\u00e9e aupr\u00e8s du GAL C\u0153ur d\u2019H\u00e9rault (Groupe d\u2019Action Locale) qui g\u00e8re les programmes europ\u00e9ens LEADER. Cette demande &nbsp;a re\u00e7u un avis favorable. Ainsi le taux d\u2019aide publique pour ce projet est de 80 % soit un montant de 48&nbsp;000 \u20ac (32&nbsp;000 \u20ac FEADER \u2013 16000 \u20ac CD34). Les 20% restant \u00e9tant la part d\u2019autofinancement.<\/p>\n\n\n\n<p>Avec le soutien du Conseil D\u00e9partemental, de la R\u00e9gion Occitanie, de la Communaut\u00e9 de Communes du Clermontais et les fonds de l\u2019Europe &#8211; LEADER-<\/p>\n\n\n\n<p>Il faut aussi remercier la Soci\u00e9t\u00e9 <a href=\"https:\/\/apimab-laboratoires.fr\/\" data-type=\"link\" data-id=\"https:\/\/apimab-laboratoires.fr\/\">APIMAB Laboratoires<\/a> qui a soutenu le projet.<\/p>\n\n\n\n<p>Pour cette r\u00e9alisation, le Conseil d\u2019Administration souhaite la d\u00e9nomination suivante&nbsp;: <strong>Miellerie Collective Joseph Rouquette.<\/strong><\/p>\n","protected":false},"excerpt":{"rendered":"<p>2018 est l\u2019ann\u00e9e de mise \u00e0 disposition de la miellerie collective de Gignac pour les apiculteurs du d\u00e9partement adh\u00e9rents au Syndicat l\u2019Abeille H\u00e9raultaise. L\u2019id\u00e9e de la cr\u00e9ation avait longuement m\u00fbri et au sein du conseil d\u2019administration du syndicat et le <a class=\"more-link\" href=\"https:\/\/abeille34.org\/index.php\/miellerie-collective-historique\/\">Continuer la lecture <span class=\"screen-reader-text\">  La Miellerie Collective<\/span><span class=\"meta-nav\">&rarr;<\/span><\/a><\/p>\n","protected":false},"author":1,"featured_media":0,"parent":0,"menu_order":0,"comment_status":"closed","ping_status":"closed","template":"","meta":{"_acf_changed":false,"footnotes":""},"class_list":["post-1447","page","type-page","status-publish","hentry"],"acf":[],"_links":{"self":[{"href":"https:\/\/abeille34.org\/index.php\/wp-json\/wp\/v2\/pages\/1447","targetHints":{"allow":["GET"]}}],"collection":[{"href":"https:\/\/abeille34.org\/index.php\/wp-json\/wp\/v2\/pages"}],"about":[{"href":"https:\/\/abeille34.org\/index.php\/wp-json\/wp\/v2\/types\/page"}],"author":[{"embeddable":true,"href":"https:\/\/abeille34.org\/index.php\/wp-json\/wp\/v2\/users\/1"}],"replies":[{"embeddable":true,"href":"https:\/\/abeille34.org\/index.php\/wp-json\/wp\/v2\/comments?post=1447"}],"version-history":[{"count":7,"href":"https:\/\/abeille34.org\/index.php\/wp-json\/wp\/v2\/pages\/1447\/revisions"}],"predecessor-version":[{"id":2101,"href":"https:\/\/abeille34.org\/index.php\/wp-json\/wp\/v2\/pages\/1447\/revisions\/2101"}],"wp:attachment":[{"href":"https:\/\/abeille34.org\/index.php\/wp-json\/wp\/v2\/media?parent=1447"}],"curies":[{"name":"wp","href":"https:\/\/api.w.org\/{rel}","templated":true}]}}